{"id":1566,"date":"2022-01-25T10:26:41","date_gmt":"2022-01-25T09:26:41","guid":{"rendered":"https:\/\/www.maisonlitterairedevictorhugo.net\/en\/?page_id=1566"},"modified":"2026-01-03T11:38:30","modified_gmt":"2026-01-03T10:38:30","slug":"rencontres","status":"publish","type":"page","link":"https:\/\/www.maisonlitterairedevictorhugo.net\/en\/rencontres\/","title":{"rendered":"Rencontres"},"content":{"rendered":"\n<div style=\"height:50px\" aria-hidden=\"true\" class=\"wp-block-spacer\"><\/div>\n\n\n\n<p class=\"has-text-align-center has-large-font-size\"><strong><mark style=\"background-color:rgba(0, 0, 0, 0);color:#06044f\" class=\"has-inline-color\"><strong>MEETINGS<\/strong><\/mark><\/strong><\/p>\n\n\n\n<div class=\"wp-block-columns alignwide is-layout-flex wp-container-core-columns-is-layout-9d6595d7 wp-block-columns-is-layout-flex\">\n<div class=\"wp-block-column is-layout-flow wp-block-column-is-layout-flow\">\n<div class=\"wp-block-cover alignwide is-light activite-card\"><img loading=\"lazy\" decoding=\"async\" width=\"1024\" height=\"772\" class=\"wp-block-cover__image-background wp-image-1637\" alt=\"\" src=\"https:\/\/www.maisonlitterairedevictorhugo.net\/en\/wp-content\/uploads\/2022\/01\/statuette-de-Rousseau-1024x772.jpg\" data-object-fit=\"cover\" srcset=\"https:\/\/www.maisonlitterairedevictorhugo.net\/en\/wp-content\/uploads\/2022\/01\/statuette-de-Rousseau-1024x772.jpg 1024w, https:\/\/www.maisonlitterairedevictorhugo.net\/en\/wp-content\/uploads\/2022\/01\/statuette-de-Rousseau-300x226.jpg 300w, https:\/\/www.maisonlitterairedevictorhugo.net\/en\/wp-content\/uploads\/2022\/01\/statuette-de-Rousseau-768x579.jpg 768w, https:\/\/www.maisonlitterairedevictorhugo.net\/en\/wp-content\/uploads\/2022\/01\/statuette-de-Rousseau-1536x1158.jpg 1536w, https:\/\/www.maisonlitterairedevictorhugo.net\/en\/wp-content\/uploads\/2022\/01\/statuette-de-Rousseau.jpg 1949w\" sizes=\"auto, (max-width: 1024px) 100vw, 1024px\" \/><span aria-hidden=\"true\" class=\"wp-block-cover__background has-background-dim-20 has-background-dim\"><\/span><div class=\"wp-block-cover__inner-container is-layout-flow wp-block-cover-is-layout-flow\">\n<p class=\"has-text-align-center has-ast-global-color-5-color has-text-color has-large-font-size\"><strong><a href=\"#litterature\" data-type=\"internal\" data-id=\"#litterature\">LITERATURE<\/a><\/strong><\/p>\n<\/div><\/div>\n<\/div>\n\n\n\n<div class=\"wp-block-column is-layout-flow wp-block-column-is-layout-flow\">\n<div class=\"wp-block-cover alignwide is-light activite-card\"><img loading=\"lazy\" decoding=\"async\" width=\"774\" height=\"1024\" class=\"wp-block-cover__image-background wp-image-1279\" alt=\"\" src=\"https:\/\/www.maisonlitterairedevictorhugo.net\/en\/wp-content\/uploads\/2022\/01\/Vcitor-Hugo-par-Rodin2-774x1024.jpg\" data-object-fit=\"cover\" srcset=\"https:\/\/www.maisonlitterairedevictorhugo.net\/en\/wp-content\/uploads\/2022\/01\/Vcitor-Hugo-par-Rodin2-774x1024.jpg 774w, https:\/\/www.maisonlitterairedevictorhugo.net\/en\/wp-content\/uploads\/2022\/01\/Vcitor-Hugo-par-Rodin2-227x300.jpg 227w, https:\/\/www.maisonlitterairedevictorhugo.net\/en\/wp-content\/uploads\/2022\/01\/Vcitor-Hugo-par-Rodin2-768x1016.jpg 768w, https:\/\/www.maisonlitterairedevictorhugo.net\/en\/wp-content\/uploads\/2022\/01\/Vcitor-Hugo-par-Rodin2.jpg 834w\" sizes=\"auto, (max-width: 774px) 100vw, 774px\" \/><span aria-hidden=\"true\" class=\"wp-block-cover__background has-background-dim-20 has-background-dim\"><\/span><div class=\"wp-block-cover__inner-container is-layout-flow wp-block-cover-is-layout-flow\">\n<p class=\"has-text-align-center has-ast-global-color-5-color has-text-color has-large-font-size\"><strong><a href=\"#artculture\" data-type=\"internal\" data-id=\"#artculture\">ART AND CULTURE<\/a><\/strong><\/p>\n<\/div><\/div>\n<\/div>\n<\/div>\n\n\n\n<div style=\"height:110px\" aria-hidden=\"true\" class=\"wp-block-spacer\"><\/div>\n\n\n\n<div style=\"height:50px\" aria-hidden=\"true\" id=\"litterature\" class=\"wp-block-spacer\"><\/div>\n\n\n\n<p class=\"has-large-font-size\"><strong>LITERATURE<\/strong><\/p>\n\n\n\n<hr class=\"wp-block-separator has-text-color has-ast-global-color-1-color has-css-opacity has-ast-global-color-1-background-color has-background alignwide is-style-wide\"\/>\n\n\n\n<div style=\"height:50px\" aria-hidden=\"true\" class=\"wp-block-spacer\"><\/div>\n\n\n\n<div class=\"wp-block-columns alignwide is-layout-flex wp-container-core-columns-is-layout-9d6595d7 wp-block-columns-is-layout-flex\">\n<div class=\"wp-block-column is-layout-flow wp-block-column-is-layout-flow\" style=\"flex-basis:66.66%\">\n<p style=\"font-size:24px\"><strong><span class=\"lettrine\">P<\/span>ersonalities from the literary world<\/strong><\/p>\n\n\n\n<p class=\"has-medium-font-size\"><strong><mark style=\"background-color:rgba(0, 0, 0, 0)\" class=\"has-inline-color has-ast-global-color-1-color\">1991<\/mark><\/strong><\/p>\n\n\n\n<ul class=\"wp-block-list has-medium-font-size\">\n<li>Mr. Jean Gaudon, Professor Emeritus of French Literature at the University of Paris XII<\/li>\n<\/ul>\n\n\n\n<p class=\"has-medium-font-size\"><strong><mark style=\"background-color:rgba(0, 0, 0, 0)\" class=\"has-inline-color has-ast-global-color-1-color\">1992<\/mark><\/strong><\/p>\n\n\n\n<ul class=\"wp-block-list has-medium-font-size\">\n<li>Mr. G\u00e9rard Pouchain, Associate Professor, Doctor of letters<\/li>\n<\/ul>\n\n\n\n<p class=\"has-medium-font-size\"><strong><mark style=\"background-color:rgba(0, 0, 0, 0)\" class=\"has-inline-color has-ast-global-color-1-color\">1995<\/mark><\/strong><\/p>\n\n\n\n<ul class=\"wp-block-list has-medium-font-size\">\n<li>Mr. Cheng Zenghou, Professor of French Literature at Sun-Yat-Sen University, Guangzhou, China<\/li>\n<\/ul>\n\n\n\n<ul class=\"wp-block-list has-medium-font-size\">\n<li>Mr. Michel Maffesoli, sociologist, Professor Emeritus of the University of Paris-Descartes<\/li>\n<\/ul>\n\n\n\n<p class=\"has-medium-font-size\"><strong><mark style=\"background-color:rgba(0, 0, 0, 0)\" class=\"has-inline-color has-ast-global-color-1-color\">2002<\/mark><\/strong><\/p>\n\n\n\n<ul class=\"wp-block-list has-medium-font-size\">\n<li>Mrs. Carmen Suarez L\u00e9on, Doctor of Philological Sciences from the University of Havana (Cuba)<\/li>\n<\/ul>\n\n\n\n<ul class=\"wp-block-list has-medium-font-size\">\n<li>Mr. Claude Schopp, Doctor of Letters<\/li>\n<\/ul>\n\n\n\n<ul class=\"wp-block-list has-medium-font-size\">\n<li>Mr. Arnaud Laster, Professor of French Literature at the University of Sorbonne Nouvelle Paris III, President of the Friends of Victor Hugo<\/li>\n<\/ul>\n\n\n\n<ul class=\"wp-block-list has-medium-font-size\">\n<li>Mrs. Danielle Casiglia-Laster, writer and critic<\/li>\n<\/ul>\n\n\n\n<p class=\"has-medium-font-size\"><strong><mark style=\"background-color:rgba(0, 0, 0, 0)\" class=\"has-inline-color has-ast-global-color-1-color\">2004<\/mark><\/strong><\/p>\n\n\n\n<ul class=\"wp-block-list has-medium-font-size\">\n<li>Mrs. Reine Prat, Associate Professor of Literature, responsible for the George Sand bicentenary<\/li>\n<\/ul>\n\n\n\n<ul class=\"wp-block-list has-medium-font-size\">\n<li>Mrs. Claude Millet, Professor of French Literature at the University of Paris-Diderot<\/li>\n<\/ul>\n\n\n\n<ul class=\"wp-block-list has-medium-font-size\">\n<li>Mr. Frank Laurent, Professor of French Literature at the University of Le Mans<\/li>\n<\/ul>\n\n\n\n<p class=\"has-medium-font-size\"><strong><mark style=\"background-color:rgba(0, 0, 0, 0)\" class=\"has-inline-color has-ast-global-color-1-color\">2011<\/mark><\/strong><\/p>\n\n\n\n<ul class=\"wp-block-list has-medium-font-size\">\n<li>Mr. Jean Lacroix, writer, specialist in Victor Hugo (Belgium)<\/li>\n<\/ul>\n\n\n\n<p class=\"has-medium-font-size\"><strong><mark style=\"background-color:rgba(0, 0, 0, 0)\" class=\"has-inline-color has-ast-global-color-1-color\">2019<\/mark><\/strong><\/p>\n\n\n\n<ul class=\"wp-block-list has-medium-font-size\">\n<li>Mrs. Anne-Simone Dufief, Professor Emeritus of French Literature at the University of Angers<\/li>\n<\/ul>\n\n\n\n<ul class=\"wp-block-list has-medium-font-size\">\n<li>Mr. Pierre-Jean Dufief, Professor Emeritus of French Literature at the University of Paris-Nanterre<\/li>\n<\/ul>\n\n\n\n<p class=\"has-medium-font-size\"><strong>2023<\/strong><\/p>\n\n\n\n<ul class=\"wp-block-list\">\n<li class=\"has-medium-font-size\">Mrs. Marilise Six, Associate Professor of Classical letters, President of the Lyriades of the French language<\/li>\n\n\n\n<li class=\"has-medium-font-size\">Mr. Jean-Pierre Bois, historian and doctor of letters, author of the first history of peace<\/li>\n<\/ul>\n\n\n\n<p class=\"has-medium-font-size\"><strong><mark>20<\/mark>24<\/strong><\/p>\n\n\n\n<ul class=\"wp-block-list\">\n<li class=\"has-medium-font-size\">Mr. Jean-Marc Hovasse, research director at CNRS, seconded to Sorbonne University<\/li>\n<\/ul>\n\n\n\n<p class=\"has-medium-font-size\"><strong><mark>20<\/mark>25<\/strong><\/p>\n\n\n\n<ul class=\"wp-block-list\">\n<li class=\"has-medium-font-size\">Mrs. Samantha Caretti, Doctor of Literature, Associate Professor of Modern Literature, President of the Society of Friends of Custine, Vice-President of the Chateaubriand Society, and General Secretary of the Liaison Committee of Nineteenth-Century Studies Associations<\/li>\n<\/ul>\n<\/div>\n\n\n\n<div class=\"wp-block-column is-layout-flow wp-block-column-is-layout-flow\" style=\"flex-basis:33.33%\">\n<div style=\"height:100px\" aria-hidden=\"true\" class=\"wp-block-spacer\"><\/div>\n\n\n\n<figure class=\"wp-block-image aligncenter size-large is-resized\"><img loading=\"lazy\" decoding=\"async\" width=\"812\" height=\"1024\" src=\"https:\/\/www.maisonlitterairedevictorhugo.net\/en\/wp-content\/uploads\/2022\/01\/Jean-Gaudon-812x1024.jpg\" alt=\"\" class=\"wp-image-1508\" style=\"width:270px;height:341px\" srcset=\"https:\/\/www.maisonlitterairedevictorhugo.net\/en\/wp-content\/uploads\/2022\/01\/Jean-Gaudon-812x1024.jpg 812w, https:\/\/www.maisonlitterairedevictorhugo.net\/en\/wp-content\/uploads\/2022\/01\/Jean-Gaudon-238x300.jpg 238w, https:\/\/www.maisonlitterairedevictorhugo.net\/en\/wp-content\/uploads\/2022\/01\/Jean-Gaudon-768x968.jpg 768w, https:\/\/www.maisonlitterairedevictorhugo.net\/en\/wp-content\/uploads\/2022\/01\/Jean-Gaudon.jpg 817w\" sizes=\"auto, (max-width: 812px) 100vw, 812px\" \/><figcaption class=\"wp-element-caption\">Mr. Jean Gaudon<\/figcaption><\/figure>\n\n\n\n<div style=\"height:132px\" aria-hidden=\"true\" class=\"wp-block-spacer\"><\/div>\n\n\n\n<figure class=\"wp-block-image aligncenter size-full is-resized\"><img loading=\"lazy\" decoding=\"async\" width=\"225\" height=\"225\" src=\"https:\/\/www.maisonlitterairedevictorhugo.net\/en\/wp-content\/uploads\/2022\/01\/telechargement.jpeg\" alt=\"\" class=\"wp-image-1509\" style=\"width:254px;height:254px\" srcset=\"https:\/\/www.maisonlitterairedevictorhugo.net\/en\/wp-content\/uploads\/2022\/01\/telechargement.jpeg 225w, https:\/\/www.maisonlitterairedevictorhugo.net\/en\/wp-content\/uploads\/2022\/01\/telechargement-150x150.jpeg 150w\" sizes=\"auto, (max-width: 225px) 100vw, 225px\" \/><figcaption class=\"wp-element-caption\">Mr. Cheng Zenghou<\/figcaption><\/figure>\n\n\n\n<div style=\"height:178px\" aria-hidden=\"true\" class=\"wp-block-spacer\"><\/div>\n\n\n\n<figure class=\"wp-block-image aligncenter size-full is-resized is-style-default\"><img loading=\"lazy\" decoding=\"async\" width=\"843\" height=\"766\" src=\"https:\/\/www.maisonlitterairedevictorhugo.net\/en\/wp-content\/uploads\/2022\/02\/M-et-Mme-Dufief.jpg\" alt=\"\" class=\"wp-image-2339\" style=\"width:348px;height:315px\" srcset=\"https:\/\/www.maisonlitterairedevictorhugo.net\/en\/wp-content\/uploads\/2022\/02\/M-et-Mme-Dufief.jpg 843w, https:\/\/www.maisonlitterairedevictorhugo.net\/en\/wp-content\/uploads\/2022\/02\/M-et-Mme-Dufief-300x273.jpg 300w, https:\/\/www.maisonlitterairedevictorhugo.net\/en\/wp-content\/uploads\/2022\/02\/M-et-Mme-Dufief-768x698.jpg 768w\" sizes=\"auto, (max-width: 843px) 100vw, 843px\" \/><figcaption class=\"wp-element-caption\">Mrs. and Mr. Dufief<\/figcaption><\/figure>\n<\/div>\n<\/div>\n\n\n\n<div style=\"height:50px\" aria-hidden=\"true\" id=\"artculture\" class=\"wp-block-spacer\"><\/div>\n\n\n\n<p class=\"has-large-font-size\"><strong>ART AND CULTURE<\/strong><\/p>\n\n\n\n<hr class=\"wp-block-separator has-text-color has-ast-global-color-1-color has-css-opacity has-ast-global-color-1-background-color has-background alignwide is-style-wide\"\/>\n\n\n\n<div style=\"height:50px\" aria-hidden=\"true\" class=\"wp-block-spacer\"><\/div>\n\n\n\n<p style=\"font-size:24px\"><strong><span class=\"lettrine\">D<\/span>escendants, politicians and cultural figures<\/strong><\/p>\n\n\n\n<div class=\"wp-block-columns alignwide is-layout-flex wp-container-core-columns-is-layout-9d6595d7 wp-block-columns-is-layout-flex\">\n<div class=\"wp-block-column is-layout-flow wp-block-column-is-layout-flow\" style=\"flex-basis:66.66%\">\n<p class=\"has-medium-font-size\"><mark style=\"background-color:rgba(0, 0, 0, 0)\" class=\"has-inline-color has-ast-global-color-1-color\"><strong>1991<\/strong><\/mark><\/p>\n\n\n\n<ul class=\"wp-block-list has-medium-font-size\">\n<li>Mr. Pierre Hugo, descendant of Victor Hugo<\/li>\n<\/ul>\n\n\n\n<ul class=\"wp-block-list has-medium-font-size\">\n<li>Mr. Serge Tolsto\u00ef, descendant of L\u00e9on Tolsto\u00ef<\/li>\n<\/ul>\n\n\n\n<ul class=\"wp-block-list has-medium-font-size\">\n<li>Mrs. Delafon, descendant of Bertin the Elder<\/li>\n<\/ul>\n\n\n\n<ul class=\"wp-block-list has-medium-font-size\">\n<li>Mr. Alain Poher, President of the Senate<\/li>\n<\/ul>\n\n\n\n<ul class=\"wp-block-list has-medium-font-size\">\n<li>Mr. Louis G. Marqu\u00e8s, Director of Cabinet at UNESCO<\/li>\n<\/ul>\n\n\n\n<ul class=\"wp-block-list has-medium-font-size\">\n<li>Mr. Tchinguiz Aitmatov, writer, USSR Ambassador to Luxembourg<\/li>\n<\/ul>\n\n\n\n<ul class=\"wp-block-list has-medium-font-size\">\n<li>Mr. Michel Pelchat, Deputy for Essonne<\/li>\n<\/ul>\n\n\n\n<ul class=\"wp-block-list has-medium-font-size\">\n<li>Mr. Ricardo Diez-Hochteilner, diplomat, President of the Club of Rome<\/li>\n<\/ul>\n\n\n\n<ul class=\"wp-block-list has-medium-font-size\">\n<li>Mr. Ren\u00e9 Huygue, of the Acad\u00e9mie fran\u00e7aise<\/li>\n<\/ul>\n\n\n\n<ul class=\"wp-block-list has-medium-font-size\">\n<li>Mr. Georges Poisson, General Curator of Heritage, President of the Writers&rsquo; Route<\/li>\n<\/ul>\n\n\n\n<ul class=\"wp-block-list has-medium-font-size\">\n<li>Mr. Andr\u00e9 Fage, President and founder of the Bi\u00e8vres Museum of Photography<\/li>\n<\/ul>\n\n\n\n<p class=\"has-medium-font-size\"><mark style=\"background-color:rgba(0, 0, 0, 0)\" class=\"has-inline-color has-ast-global-color-1-color\"><strong>1995<\/strong><\/mark><\/p>\n\n\n\n<ul class=\"wp-block-list has-medium-font-size\">\n<li>Mr. Nouth Narang, Minister of Culture and Fine Arts of Cambodia<\/li>\n<\/ul>\n\n\n\n<p class=\"has-medium-font-size\"><mark style=\"background-color:rgba(0, 0, 0, 0)\" class=\"has-inline-color has-ast-global-color-1-color\"><strong>1998<\/strong><\/mark><\/p>\n\n\n\n<ul class=\"wp-block-list has-medium-font-size\">\n<li>Mr. Bernard de Montgolfier, Honorary General Curator of Heritage<\/li>\n<\/ul>\n\n\n\n<ul class=\"wp-block-list has-medium-font-size\">\n<li>Mrs. Fran\u00e7oise Cestac, President of the United Nations French Cultural Association<\/li>\n<\/ul>\n\n\n\n<p class=\"has-medium-font-size\"><strong><mark style=\"background-color:rgba(0, 0, 0, 0)\" class=\"has-inline-color has-ast-global-color-1-color\">2000<\/mark><\/strong><\/p>\n\n\n\n<ul class=\"wp-block-list has-medium-font-size\">\n<li>Mr. Denis Lavalle, General Curator of Heritage<\/li>\n<\/ul>\n\n\n\n<ul class=\"wp-block-list has-medium-font-size\">\n<li>Dr. Jules Brassner, Director of the Napoleon Association (USA)<\/li>\n<\/ul>\n\n\n\n<ul class=\"wp-block-list has-medium-font-size\">\n<li>Mr. Michel Maffesoli, sociologist, Professor at the University of Paris-Descartes<\/li>\n<\/ul>\n\n\n\n<ul class=\"wp-block-list has-medium-font-size\">\n<li>Mr. Maxime Piolot, singer and poet<\/li>\n<\/ul>\n\n\n\n<p class=\"has-medium-font-size\"><strong><mark style=\"background-color:rgba(0, 0, 0, 0)\" class=\"has-inline-color has-ast-global-color-1-color\">2001<\/mark><\/strong><\/p>\n\n\n\n<ul class=\"wp-block-list has-medium-font-size\">\n<li>Dr. Matthias Schmandt, Curator of the Municipal History Museum of the City of Bingen (Germany)<\/li>\n<\/ul>\n\n\n\n<p class=\"has-medium-font-size\"><strong><mark style=\"background-color:rgba(0, 0, 0, 0)\" class=\"has-inline-color has-ast-global-color-1-color\">2002<\/mark><\/strong><\/p>\n\n\n\n<ul class=\"wp-block-list has-medium-font-size\">\n<li>Mrs. Marie Hugo, descendant of Victor Hugo<\/li>\n<\/ul>\n\n\n\n<ul class=\"wp-block-list has-medium-font-size\">\n<li>Dr. Linus Pauling&nbsp;junior, psychiatrist<\/li>\n<\/ul>\n\n\n\n<ul class=\"wp-block-list has-medium-font-size\">\n<li>Mrs. Danielle Molinari, Chief Curator of the Maison Victor Hugo<\/li>\n<\/ul>\n\n\n\n<ul class=\"wp-block-list has-medium-font-size\">\n<li>Mrs. Catherine Maynial, Director of the Senate Library and Archives<\/li>\n<\/ul>\n\n\n\n<p class=\"has-medium-font-size\"><strong><mark style=\"background-color:rgba(0, 0, 0, 0)\" class=\"has-inline-color has-ast-global-color-1-color\">2003<\/mark><\/strong><\/p>\n\n\n\n<ul class=\"wp-block-list has-medium-font-size\">\n<li>Mrs. Chantal Spillemaecker, Curator of the Mus\u00e9e du Dauphinois<\/li>\n<\/ul>\n\n\n\n<ul class=\"wp-block-list has-medium-font-size\">\n<li>Mr. Antoine Troncy, Curator of the Hector Berlioz Museum<\/li>\n<\/ul>\n\n\n\n<p class=\"has-medium-font-size\"><strong><mark style=\"background-color:rgba(0, 0, 0, 0)\" class=\"has-inline-color has-ast-global-color-1-color\">2004<\/mark><\/strong><\/p>\n\n\n\n<ul class=\"wp-block-list has-medium-font-size\">\n<li>Mr. Alain Decaux, of the Acad\u00e9mie fran\u00e7aise<\/li>\n<\/ul>\n\n\n\n<ul class=\"wp-block-list has-medium-font-size\">\n<li>Mr. Thierry Lentz, Director of the Fondation Napol\u00e9on<\/li>\n<\/ul>\n\n\n\n<ul class=\"wp-block-list has-medium-font-size\">\n<li>Mr. Bernard Petit, President of the Souvenir Napol\u00e9onien<\/li>\n<\/ul>\n\n\n\n<p class=\"has-medium-font-size\"><strong><mark style=\"background-color:rgba(0, 0, 0, 0)\" class=\"has-inline-color has-ast-global-color-1-color\">2006<\/mark><\/strong><\/p>\n\n\n\n<ul class=\"wp-block-list has-medium-font-size\">\n<li>Mr. Arnaud d\u2019Hauterives, Permanent Secretary of the Acad\u00e9mie des Beaux-Arts<\/li>\n<\/ul>\n\n\n\n<ul class=\"wp-block-list has-medium-font-size\">\n<li>Mr. Charles Bonaparte, President of the European Federation of Napoleonic Cities<\/li>\n<\/ul>\n\n\n\n<ul class=\"wp-block-list has-medium-font-size\">\n<li>Mr. Michel Guerry, Senator representing French nationals living outside France<\/li>\n<\/ul>\n\n\n\n<ul class=\"wp-block-list has-medium-font-size\">\n<li>Mr. Javier Perez de Cuellar, diplomat, <sup>5th<\/sup>&nbsp;Secretary General of the United Nations<\/li>\n<\/ul>\n\n\n\n<p class=\"has-medium-font-size\"><strong><mark style=\"background-color:rgba(0, 0, 0, 0)\" class=\"has-inline-color has-ast-global-color-1-color\">2007<\/mark><\/strong><\/p>\n\n\n\n<ul class=\"wp-block-list has-medium-font-size\">\n<li>Mrs. Marie-Jeanne Bleuzet-Julbin, lawyer, <sup>1st<\/sup>&nbsp;woman president of the Bar<\/li>\n<\/ul>\n\n\n\n<p class=\"has-medium-font-size\"><strong><mark style=\"background-color:rgba(0, 0, 0, 0)\" class=\"has-inline-color has-ast-global-color-1-color\">2009<\/mark><\/strong><\/p>\n\n\n\n<ul class=\"wp-block-list has-medium-font-size\">\n<li>Mrs. Virginia Benson, Director of the Boston Peace Research Institute (USA)<\/li>\n<\/ul>\n\n\n\n<p class=\"has-medium-font-size\"><strong><mark style=\"background-color:rgba(0, 0, 0, 0)\" class=\"has-inline-color has-ast-global-color-1-color\">2013<\/mark><\/strong><\/p>\n\n\n\n<ul class=\"wp-block-list has-medium-font-size\">\n<li>Pr. Francisco Delich, former Rector of the University of Buenos Aires (Argentina)<\/li>\n<\/ul>\n\n\n\n<ul class=\"wp-block-list has-medium-font-size\">\n<li>Mrs. Josiane Balasko, actress<\/li>\n<\/ul>\n\n\n\n<p class=\"has-medium-font-size\"><strong><mark style=\"background-color:rgba(0, 0, 0, 0)\" class=\"has-inline-color has-ast-global-color-1-color\">2016<\/mark><\/strong><\/p>\n\n\n\n<ul class=\"wp-block-list has-medium-font-size\">\n<li>Mrs. Anne Pelletier Le Barbier, Mayor of Bi\u00e8vres<\/li>\n<\/ul>\n\n\n\n<p class=\"has-medium-font-size\"><strong><mark style=\"background-color:rgba(0, 0, 0, 0)\" class=\"has-inline-color has-ast-global-color-1-color\">2019<\/mark><\/strong><\/p>\n\n\n\n<ul class=\"wp-block-list has-medium-font-size\">\n<li>Mr. Marc-\u00c9douard Gautier, archivist paleographer and Curator of libraries, responsible for the Heritage collections of the Angers Library<\/li>\n<\/ul>\n\n\n\n<p class=\"has-medium-font-size\"><strong><mark style=\"background-color:rgba(0, 0, 0, 0)\" class=\"has-inline-color has-ast-global-color-1-color\">20<\/mark>23<\/strong><\/p>\n\n\n\n<ul class=\"wp-block-list\">\n<li class=\"has-medium-font-size\">Mrs. Anne Bongrain, associate professor of musical education and doctor of musicology, general secretary of the Hector Berlioz National Association<\/li>\n<\/ul>\n\n\n\n<p class=\"has-medium-font-size\"><strong>2024<\/strong><\/p>\n\n\n\n<ul class=\"wp-block-list\">\n<li class=\"has-medium-font-size\">Mr. G\u00e9rard Audinet, general curator of heritage, director of the Maisons de Victor Hugo Paris \/ Guernsey<\/li>\n<\/ul>\n<\/div>\n\n\n\n<div class=\"wp-block-column is-layout-flow wp-block-column-is-layout-flow\" style=\"flex-basis:33.33%\">\n<div style=\"height:110px\" aria-hidden=\"true\" class=\"wp-block-spacer\"><\/div>\n\n\n\n<figure class=\"wp-block-image aligncenter size-large\"><img loading=\"lazy\" decoding=\"async\" width=\"808\" height=\"1024\" src=\"https:\/\/www.maisonlitterairedevictorhugo.net\/en\/wp-content\/uploads\/2022\/01\/Pecnard4-808x1024.jpg\" alt=\"\" class=\"wp-image-1280\" srcset=\"https:\/\/www.maisonlitterairedevictorhugo.net\/en\/wp-content\/uploads\/2022\/01\/Pecnard4-808x1024.jpg 808w, https:\/\/www.maisonlitterairedevictorhugo.net\/en\/wp-content\/uploads\/2022\/01\/Pecnard4-237x300.jpg 237w, https:\/\/www.maisonlitterairedevictorhugo.net\/en\/wp-content\/uploads\/2022\/01\/Pecnard4-768x974.jpg 768w, https:\/\/www.maisonlitterairedevictorhugo.net\/en\/wp-content\/uploads\/2022\/01\/Pecnard4.jpg 1037w\" sizes=\"auto, (max-width: 808px) 100vw, 808px\" \/><figcaption class=\"wp-element-caption\">Victor Hugo by Pecnard<\/figcaption><\/figure>\n\n\n\n<div style=\"height:110px\" aria-hidden=\"true\" class=\"wp-block-spacer\"><\/div>\n\n\n\n<figure class=\"wp-block-image aligncenter size-full\"><img loading=\"lazy\" decoding=\"async\" width=\"711\" height=\"789\" src=\"https:\/\/www.maisonlitterairedevictorhugo.net\/en\/wp-content\/uploads\/2022\/01\/Ricardo-DH.jpg\" alt=\"\" class=\"wp-image-1658\" srcset=\"https:\/\/www.maisonlitterairedevictorhugo.net\/en\/wp-content\/uploads\/2022\/01\/Ricardo-DH.jpg 711w, https:\/\/www.maisonlitterairedevictorhugo.net\/en\/wp-content\/uploads\/2022\/01\/Ricardo-DH-270x300.jpg 270w\" sizes=\"auto, (max-width: 711px) 100vw, 711px\" \/><figcaption class=\"wp-element-caption\">Mr. Ricardo Diez-Hochleitner and Mr. Philippe Moine<\/figcaption><\/figure>\n\n\n\n<div style=\"height:110px\" aria-hidden=\"true\" class=\"wp-block-spacer\"><\/div>\n\n\n\n<figure class=\"wp-block-image aligncenter size-large\"><img loading=\"lazy\" decoding=\"async\" width=\"1024\" height=\"513\" src=\"https:\/\/www.maisonlitterairedevictorhugo.net\/en\/wp-content\/uploads\/2022\/02\/Inauguration-all-1024x513.jpg\" alt=\"\" class=\"wp-image-3462\" srcset=\"https:\/\/www.maisonlitterairedevictorhugo.net\/en\/wp-content\/uploads\/2022\/02\/Inauguration-all-1024x513.jpg 1024w, https:\/\/www.maisonlitterairedevictorhugo.net\/en\/wp-content\/uploads\/2022\/02\/Inauguration-all-300x150.jpg 300w, https:\/\/www.maisonlitterairedevictorhugo.net\/en\/wp-content\/uploads\/2022\/02\/Inauguration-all-768x385.jpg 768w, https:\/\/www.maisonlitterairedevictorhugo.net\/en\/wp-content\/uploads\/2022\/02\/Inauguration-all.jpg 1502w\" sizes=\"auto, (max-width: 1024px) 100vw, 1024px\" \/><figcaption class=\"wp-element-caption\">Inauguration in Bingen<\/figcaption><\/figure>\n\n\n\n<div style=\"height:109px\" aria-hidden=\"true\" class=\"wp-block-spacer\"><\/div>\n\n\n\n<figure class=\"wp-block-image aligncenter size-full\"><img loading=\"lazy\" decoding=\"async\" width=\"415\" height=\"297\" src=\"https:\/\/www.maisonlitterairedevictorhugo.net\/en\/wp-content\/uploads\/2022\/01\/GP05b.jpg\" alt=\"\" class=\"wp-image-1531\" srcset=\"https:\/\/www.maisonlitterairedevictorhugo.net\/en\/wp-content\/uploads\/2022\/01\/GP05b.jpg 415w, https:\/\/www.maisonlitterairedevictorhugo.net\/en\/wp-content\/uploads\/2022\/01\/GP05b-300x215.jpg 300w\" sizes=\"auto, (max-width: 415px) 100vw, 415px\" \/><figcaption class=\"wp-element-caption\">Mr. Georges Poisson<\/figcaption><\/figure>\n\n\n\n<div style=\"height:109px\" aria-hidden=\"true\" class=\"wp-block-spacer\"><\/div>\n\n\n\n<figure class=\"wp-block-image aligncenter size-full\"><img loading=\"lazy\" decoding=\"async\" width=\"352\" height=\"516\" src=\"https:\/\/www.maisonlitterairedevictorhugo.net\/en\/wp-content\/uploads\/2022\/01\/piolot.jpg\" alt=\"\" class=\"wp-image-1662\" srcset=\"https:\/\/www.maisonlitterairedevictorhugo.net\/en\/wp-content\/uploads\/2022\/01\/piolot.jpg 352w, https:\/\/www.maisonlitterairedevictorhugo.net\/en\/wp-content\/uploads\/2022\/01\/piolot-205x300.jpg 205w\" sizes=\"auto, (max-width: 352px) 100vw, 352px\" \/><figcaption class=\"wp-element-caption\">Mr. Denis Lavalle and Mr. Maxime  Piolot<\/figcaption><\/figure>\n\n\n\n<div style=\"height:109px\" aria-hidden=\"true\" class=\"wp-block-spacer\"><\/div>\n\n\n\n<figure class=\"wp-block-image aligncenter size-full\"><img loading=\"lazy\" decoding=\"async\" width=\"675\" height=\"455\" src=\"https:\/\/www.maisonlitterairedevictorhugo.net\/en\/wp-content\/uploads\/2022\/01\/decaux.jpg\" alt=\"\" class=\"wp-image-1666\" srcset=\"https:\/\/www.maisonlitterairedevictorhugo.net\/en\/wp-content\/uploads\/2022\/01\/decaux.jpg 675w, https:\/\/www.maisonlitterairedevictorhugo.net\/en\/wp-content\/uploads\/2022\/01\/decaux-300x202.jpg 300w\" sizes=\"auto, (max-width: 675px) 100vw, 675px\" \/><figcaption class=\"wp-element-caption\">Mr. Alain Decaux<\/figcaption><\/figure>\n\n\n\n<div style=\"height:109px\" aria-hidden=\"true\" class=\"wp-block-spacer\"><\/div>\n\n\n\n<figure class=\"wp-block-image aligncenter size-large\"><img loading=\"lazy\" decoding=\"async\" width=\"1024\" height=\"765\" src=\"https:\/\/www.maisonlitterairedevictorhugo.net\/en\/wp-content\/uploads\/2022\/01\/avec-Charles-Bonaparte-1024x765.jpg\" alt=\"\" class=\"wp-image-1542\" srcset=\"https:\/\/www.maisonlitterairedevictorhugo.net\/en\/wp-content\/uploads\/2022\/01\/avec-Charles-Bonaparte-1024x765.jpg 1024w, https:\/\/www.maisonlitterairedevictorhugo.net\/en\/wp-content\/uploads\/2022\/01\/avec-Charles-Bonaparte-300x224.jpg 300w, https:\/\/www.maisonlitterairedevictorhugo.net\/en\/wp-content\/uploads\/2022\/01\/avec-Charles-Bonaparte-768x574.jpg 768w, https:\/\/www.maisonlitterairedevictorhugo.net\/en\/wp-content\/uploads\/2022\/01\/avec-Charles-Bonaparte-1536x1147.jpg 1536w, https:\/\/www.maisonlitterairedevictorhugo.net\/en\/wp-content\/uploads\/2022\/01\/avec-Charles-Bonaparte-2048x1530.jpg 2048w\" sizes=\"auto, (max-width: 1024px) 100vw, 1024px\" \/><figcaption class=\"wp-element-caption\">Mr. Charles Bonaparte with Mrs. and Mr Moine<\/figcaption><\/figure>\n<\/div>\n<\/div>\n\n\n\n<div style=\"height:100px\" aria-hidden=\"true\" class=\"wp-block-spacer\"><\/div>\n","protected":false},"excerpt":{"rendered":"<p>MEETINGS LITERATURE Personalities from the literary world 1991 1992 1995 2002 2004 2011 2019 2023 2024 2025 ART AND CULTURE Descendants, politicians and cultural figures 1991 1995 1998 2000 2001 2002 2003 2004 2006 2007 2009 2013 2016 2019 2023 2024<\/p>\n","protected":false},"author":1,"featured_media":0,"parent":0,"menu_order":0,"comment_status":"closed","ping_status":"closed","template":"","meta":{"site-sidebar-layout":"default","site-content-layout":"default","ast-main-header-display":"","ast-hfb-above-header-display":"","ast-hfb-below-header-display":"","ast-hfb-mobile-header-display":"","site-post-title":"","ast-breadcrumbs-content":"","ast-featured-img":"","footer-sml-layout":"","theme-transparent-header-meta":"","adv-header-id-meta":"","stick-header-meta":"","header-above-stick-meta":"","header-main-stick-meta":"","header-below-stick-meta":"","footnotes":""},"class_list":["post-1566","page","type-page","status-publish","hentry"],"_links":{"self":[{"href":"https:\/\/www.maisonlitterairedevictorhugo.net\/en\/wp-json\/wp\/v2\/pages\/1566","targetHints":{"allow":["GET"]}}],"collection":[{"href":"https:\/\/www.maisonlitterairedevictorhugo.net\/en\/wp-json\/wp\/v2\/pages"}],"about":[{"href":"https:\/\/www.maisonlitterairedevictorhugo.net\/en\/wp-json\/wp\/v2\/types\/page"}],"author":[{"embeddable":true,"href":"https:\/\/www.maisonlitterairedevictorhugo.net\/en\/wp-json\/wp\/v2\/users\/1"}],"replies":[{"embeddable":true,"href":"https:\/\/www.maisonlitterairedevictorhugo.net\/en\/wp-json\/wp\/v2\/comments?post=1566"}],"version-history":[{"count":93,"href":"https:\/\/www.maisonlitterairedevictorhugo.net\/en\/wp-json\/wp\/v2\/pages\/1566\/revisions"}],"predecessor-version":[{"id":4411,"href":"https:\/\/www.maisonlitterairedevictorhugo.net\/en\/wp-json\/wp\/v2\/pages\/1566\/revisions\/4411"}],"wp:attachment":[{"href":"https:\/\/www.maisonlitterairedevictorhugo.net\/en\/wp-json\/wp\/v2\/media?parent=1566"}],"curies":[{"name":"wp","href":"https:\/\/api.w.org\/{rel}","templated":true}]}}